{"id":3,"date":"2022-09-26T11:48:40","date_gmt":"2022-09-26T09:48:40","guid":{"rendered":"http:\/\/patdesign.pl\/?page_id=3"},"modified":"2022-10-11T10:21:12","modified_gmt":"2022-10-11T08:21:12","slug":"polityka-prywatnosci","status":"publish","type":"page","link":"https:\/\/tynki-advid.pl\/?page_id=3","title":{"rendered":"Polityka prywatno\u015bci"},"content":{"rendered":"\t\t<div data-elementor-type=\"wp-page\" data-elementor-id=\"3\" class=\"elementor elementor-3\">\n\t\t\t\t\t\t\t\t\t<section class=\"elementor-section elementor-top-section elementor-element elementor-element-6e16eb42 elementor-section-boxed elementor-section-height-default elementor-section-height-default\" data-id=\"6e16eb42\" data-element_type=\"section\">\n\t\t\t\t\t\t<div class=\"elementor-container elementor-column-gap-default\">\n\t\t\t\t\t<div class=\"elementor-column elementor-col-100 elementor-top-column elementor-element elementor-element-66e97351\" data-id=\"66e97351\" data-element_type=\"column\">\n\t\t\t<div class=\"elementor-widget-wrap elementor-element-populated\">\n\t\t\t\t\t\t\t\t<div class=\"elementor-element elementor-element-4819fb00 elementor-widget elementor-widget-text-editor\" data-id=\"4819fb00\" data-element_type=\"widget\" data-widget_type=\"text-editor.default\">\n\t\t\t\t<div class=\"elementor-widget-container\">\n\t\t\t<style>\/*! elementor - v3.11.1 - 15-02-2023 *\/\n.elementor-widget-text-editor.elementor-drop-cap-view-stacked .elementor-drop-cap{background-color:#818a91;color:#fff}.elementor-widget-text-editor.elementor-drop-cap-view-framed .elementor-drop-cap{color:#818a91;border:3px solid;background-color:transparent}.elementor-widget-text-editor:not(.elementor-drop-cap-view-default) .elementor-drop-cap{margin-top:8px}.elementor-widget-text-editor:not(.elementor-drop-cap-view-default) .elementor-drop-cap-letter{width:1em;height:1em}.elementor-widget-text-editor .elementor-drop-cap{float:left;text-align:center;line-height:1;font-size:50px}.elementor-widget-text-editor .elementor-drop-cap-letter{display:inline-block}<\/style>\t\t\t\t<p><br \/><br \/><br \/><br \/><\/p>\n<p><b>Polityka prywatno\u015bci<\/b><\/p>\n<ol>\n<li><b> Postanowienia og\u00f3lne<\/b><\/li>\n<\/ol>\n<ol>\n<li style=\"font-weight: 400;\" aria-level=\"1\"><span style=\"font-weight: 400;\">Polityka prywatno\u015bci okre\u015bla, jak zbierane, przetwarzane i przechowywane s\u0105 dane osobowe U\u017cytkownik\u00f3w niezb\u0119dne do \u015bwiadczenia us\u0142ug drog\u0105 elektroniczn\u0105 za po\u015brednictwem serwisu internetowego <\/span><a href=\"http:\/\/www.tynki-advid\"><span style=\"font-weight: 400;\">www.tynki-advid<\/span><\/a> <span style=\"font-weight: 400;\">\u00a0(dalej: Serwis).<\/span><\/li>\n<li style=\"font-weight: 400;\" aria-level=\"1\"><span style=\"font-weight: 400;\">Serwis zbiera wy\u0142\u0105cznie dane osobowe niezb\u0119dne do \u015bwiadczenia i rozwoju us\u0142ug w nim oferowanych.<\/span><\/li>\n<li style=\"font-weight: 400;\" aria-level=\"1\"><span style=\"font-weight: 400;\">Dane osobowe zbierane za po\u015brednictwem Serwisu s\u0105 przetwarzane zgodnie z\u00a0Rozporz\u0105dzeniem Parlamentu Europejskiego i\u00a0Rady (UE) 2016\/679 z\u00a0dnia 27 kwietnia 2016 r. w\u00a0sprawie ochrony os\u00f3b fizycznych w\u00a0zwi\u0105zku z\u00a0przetwarzaniem danych osobowych i\u00a0w sprawie swobodnego przep\u0142ywu takich danych oraz uchylenia dyrektywy 95\/46\/WE (og\u00f3lne rozporz\u0105dzenie o\u00a0ochronie danych, dalej RODO) oraz ustaw\u0105 o ochronie danych osobowych z dnia 10 maja 2018 r.<\/span><\/li>\n<\/ol>\n<ol>\n<li><b> Administrator danych<\/b><\/li>\n<\/ol>\n<p><span style=\"font-weight: 400;\">Administratorem danych osobowych zbieranych poprzez Serwis jest <\/span><span style=\"font-weight: 400;\">Dawid Ko\u015bcisty Rawa Mazowiecka 17\/27 96-200 Rawa Mazowiecka woj. \u0141\u00f3dzkie tel <\/span><span style=\"font-weight: 400;\">509691648 tynkiadvid@gmail.com<\/span><\/p>\n<p><span style=\"font-weight: 400;\">(dalej: Administrator).<\/span><\/p>\n<p><b>III. Cel zbierania danych osobowych<\/b><\/p>\n<ol>\n<li style=\"font-weight: 400;\" aria-level=\"1\"><span style=\"font-weight: 400;\">Dane osobowe wykorzystywane s\u0105 w celu:\u00a0<\/span>\n<ul>\n<li style=\"font-weight: 400;\" aria-level=\"2\"><span style=\"font-weight: 400;\">rejestracji konta i weryfikacji to\u017csamo\u015bci U\u017cytkownika,<\/span><\/li>\n<li style=\"font-weight: 400;\" aria-level=\"2\"><span style=\"font-weight: 400;\">umo\u017cliwienia logowania do Serwisu,<\/span><\/li>\n<li style=\"font-weight: 400;\" aria-level=\"2\"><span style=\"font-weight: 400;\">realizacji umowy dotycz\u0105cej us\u0142ug i e-us\u0142ug,<\/span><\/li>\n<li style=\"font-weight: 400;\" aria-level=\"2\"><span style=\"font-weight: 400;\">komunikacji z U\u017cytkownikiem (livechat, formularz kontaktowy itp.)<\/span><\/li>\n<li style=\"font-weight: 400;\" aria-level=\"2\"><span style=\"font-weight: 400;\">wysy\u0142ki newslettera (po wyra\u017ceniu zgody U\u017cytkownika na jego otrzymywanie),<\/span><\/li>\n<li style=\"font-weight: 400;\" aria-level=\"2\"><span style=\"font-weight: 400;\">prowadzenia systemu komentarzy,<\/span><\/li>\n<li style=\"font-weight: 400;\" aria-level=\"2\"><span style=\"font-weight: 400;\">\u015bwiadczenia us\u0142ug spo\u0142eczno\u015bciowych,<\/span><\/li>\n<li style=\"font-weight: 400;\" aria-level=\"2\"><span style=\"font-weight: 400;\">promocji oferty Administratora,<\/span><\/li>\n<li style=\"font-weight: 400;\" aria-level=\"2\"><span style=\"font-weight: 400;\">marketingu, remarketingu, afiliacji,<\/span><\/li>\n<li style=\"font-weight: 400;\" aria-level=\"2\"><span style=\"font-weight: 400;\">personalizacji Serwisu dla U\u017cytkownik\u00f3w,<\/span><\/li>\n<li style=\"font-weight: 400;\" aria-level=\"2\"><span style=\"font-weight: 400;\">dzia\u0142a\u0144 analitycznych i statystycznych,<\/span><\/li>\n<li style=\"font-weight: 400;\" aria-level=\"2\"><span style=\"font-weight: 400;\">windykacji nale\u017cno\u015bci,<\/span><\/li>\n<li style=\"font-weight: 400;\" aria-level=\"2\"><span style=\"font-weight: 400;\">ustalenia i dochodzenia roszcze\u0144\u00a0albo obrony przed nimi.<\/span><\/li>\n<\/ul>\n<\/li>\n<li style=\"font-weight: 400;\" aria-level=\"1\"><span style=\"font-weight: 400;\">Podanie danych jest dobrowolne, ale niezb\u0119dne do zawarcia umowy albo skorzystania z innych funkcjonalno\u015bci Serwisu.<\/span><\/li>\n<\/ol>\n<ol>\n<li><b> Rodzaj przetwarzanych danych osobowych<\/b><\/li>\n<\/ol>\n<p><span style=\"font-weight: 400;\">Administrator mo\u017ce przetwarza\u0107\u00a0dane osobowe U\u017cytkownika: imi\u0119 i nazwisko, data urodzenia, adres zamieszkania, adres e-mail, numer telefonu, NIP.<\/span><\/p>\n<ol>\n<li><b> Okres przetwarzania danych osobowych<\/b><\/li>\n<\/ol>\n<p><span style=\"font-weight: 400;\">Dane osobowe U\u017cytkownik\u00f3w b\u0119d\u0105 przetwarzane przez okres:<\/span><\/p>\n<ul>\n<li style=\"font-weight: 400;\" aria-level=\"1\"><span style=\"font-weight: 400;\">gdy podstaw\u0105 przetwarzania danych jest wykonanie umowy \u2013 do momentu przedawnienia roszcze\u0144 po jej wykonaniu,<\/span><\/li>\n<li style=\"font-weight: 400;\" aria-level=\"1\"><span style=\"font-weight: 400;\">gdy podstaw\u0105 przetwarzania danych jest zgoda \u2013 do momentu jej odwo\u0142ania, a\u00a0po odwo\u0142aniu zgody do przedawnienia roszcze\u0144.<\/span><\/li>\n<\/ul>\n<p><span style=\"font-weight: 400;\">W obu przypadkach termin przedawnienia wynosi 6 lat, a\u00a0dla roszcze\u0144 o\u00a0\u015bwiadczenia okresowe i roszcze\u0144 dotycz\u0105cych\u00a0prowadzenia dzia\u0142alno\u015bci gospodarczej \u2013 3 lata (je\u015bli przepis szczeg\u00f3lny nie stanowi inaczej).<\/span><\/p>\n<ol>\n<li><b> Udost\u0119pnianie danych osobowych<\/b><\/li>\n<\/ol>\n<ol>\n<li style=\"font-weight: 400;\" aria-level=\"1\"><span style=\"font-weight: 400;\">Dane osobowe U\u017cytkownik\u00f3w mog\u0105 by\u0107 przekazywane: podmiotom powi\u0105zanym z Administratorem, jego podwykonawcom, podmiotom wsp\u00f3\u0142pracuj\u0105cym z Administratorem np. firmom obs\u0142uguj\u0105cym e-p\u0142atno\u015bci, firmom \u015bwiadcz\u0105cym us\u0142ugi kurierskie\/pocztowe, kancelariom prawnym.<\/span><\/li>\n<li style=\"font-weight: 400;\" aria-level=\"1\"><span style=\"font-weight: 400;\">Dane osobowe U\u017cytkownik\u00f3w <\/span><span style=\"font-weight: 400;\">nie b\u0119d\u0105 <\/span><span style=\"font-weight: 400;\">przekazywane poza teren Europejskiego Obszaru Gospodarczego (EOG).<\/span><\/li>\n<\/ol>\n<p><b>VII. Prawa U\u017cytkownik\u00f3w<\/b><\/p>\n<ol>\n<li style=\"font-weight: 400;\" aria-level=\"1\"><span style=\"font-weight: 400;\">U\u017cytkownik Serwisu ma prawo do: dost\u0119pu do tre\u015bci swoich danych osobowych, ich sprostowania, usuni\u0119cia, ograniczenia przetwarzania, przenoszenia, wniesienia sprzeciwu wobec przetwarzania, cofni\u0119cia zgody w ka\u017cdej chwili (co nie ma\u00a0wp\u0142ywu na zgodno\u015b\u0107 z prawem przetwarzania dokonanego w oparciu o zgod\u0119 przed jej cofni\u0119ciem).<\/span><\/li>\n<li style=\"font-weight: 400;\" aria-level=\"1\"><span style=\"font-weight: 400;\">Zg\u0142oszenie o wyst\u0105pieniu przez U\u017cytkownika z\u00a0uprawnieniem wynikaj\u0105cym z\u00a0wymienionych praw nale\u017cy przes\u0142a\u0107 na adres tynkiadvid@gmail.com<\/span><\/li>\n<li style=\"font-weight: 400;\" aria-level=\"1\"><span style=\"font-weight: 400;\">Administrator spe\u0142nia lub odmawia\u00a0spe\u0142nienia \u017c\u0105dania\u00a0niezw\u0142ocznie \u2013 maksymalnie w ci\u0105gu miesi\u0105ca od jego otrzymania.<\/span><\/li>\n<li style=\"font-weight: 400;\" aria-level=\"1\"><span style=\"font-weight: 400;\">U\u017cytkownik ma prawo z\u0142o\u017cy\u0107 skarg\u0119 do Prezesa Urz\u0119du Ochrony Danych Osobowych, je\u015bli uzna, \u017ce przetwarzanie narusza jego prawa i wolno\u015bci (RODO).<\/span><\/li>\n<\/ol>\n<p><b>VIII. Pliki cookies<\/b><\/p>\n<ol>\n<li style=\"font-weight: 400;\" aria-level=\"1\"><span style=\"font-weight: 400;\">Serwis zbiera informacje za pomoc\u0105 plik\u00f3w cookies \u2013 sesyjnych, sta\u0142ych i podmiot\u00f3w zewn\u0119trznych.<\/span><\/li>\n<li style=\"font-weight: 400;\" aria-level=\"1\"><span style=\"font-weight: 400;\">Zbieranie plik\u00f3w cookies wspiera poprawne \u015bwiadczenie us\u0142ug w Serwisie i s\u0142u\u017cy celom statystycznym.<\/span><\/li>\n<li style=\"font-weight: 400;\" aria-level=\"1\"><span style=\"font-weight: 400;\">U\u017cytkownik mo\u017ce okre\u015bli\u0107 zakres dost\u0119pu plik\u00f3w cookies do swojego urz\u0105dzenia w ustawieniach przegl\u0105darki.<\/span><\/li>\n<\/ol>\n<ol>\n<li><b> Zautomatyzowane podejmowanie decyzji i profilowanie<\/b><\/li>\n<\/ol>\n<ol>\n<li style=\"font-weight: 400;\" aria-level=\"1\"><span style=\"font-weight: 400;\">Dane U\u017cytkownik\u00f3w nie mog\u0105 by\u0107\u00a0przetwarzane w zautomatyzowany spos\u00f3b tak, \u017ce na skutek tego mog\u0142yby zapa\u015b\u0107 wobec nich jakiekolwiek decyzje.<\/span><\/li>\n<li style=\"font-weight: 400;\" aria-level=\"1\"><span style=\"font-weight: 400;\">Dane U\u017cytkownik\u00f3w mog\u0105 by\u0107 profilowane celem dostosowania tre\u015bci i personalizacji oferty po wyra\u017ceniu przez nich zgody.<\/span><\/li>\n<\/ol>\n<ol>\n<li><b> Postanowienia ko\u0144cowe<\/b><\/li>\n<\/ol>\n<ol>\n<li style=\"font-weight: 400;\" aria-level=\"1\"><span style=\"font-weight: 400;\">Administrator ma prawo do wprowadzenia zmian w Polityce prywatno\u015bci, przy czym prawa U\u017cytkownik\u00f3w nie zostan\u0105 ograniczone.<\/span><\/li>\n<li style=\"font-weight: 400;\" aria-level=\"1\"><span style=\"font-weight: 400;\">Informacja o wprowadzonych zmianach pojawi si\u0119 w formie komunikatu dost\u0119pnego w Serwisie.<\/span><\/li>\n<li style=\"font-weight: 400;\" aria-level=\"1\"><span style=\"font-weight: 400;\">W sprawach nieuregulowanych w niniejszej Polityce prywatno\u015bci obowi\u0105zuj\u0105 przepisy RODO i przepisy prawa polskiego.<\/span><\/li>\n<\/ol>\n<p><br \/><br \/><\/p>\t\t\t\t\t\t<\/div>\n\t\t\t\t<\/div>\n\t\t\t\t\t<\/div>\n\t\t<\/div>\n\t\t\t\t\t\t\t<\/div>\n\t\t<\/section>\n\t\t\t\t\t\t\t<\/div>\n\t\t","protected":false},"excerpt":{"rendered":"<p>Polityka prywatno\u015bci Postanowienia og\u00f3lne Polityka prywatno\u015bci okre\u015bla, jak zbierane, przetwarzane i przechowywane s\u0105 dane osobowe U\u017cytkownik\u00f3w niezb\u0119dne do \u015bwiadczenia us\u0142ug drog\u0105 elektroniczn\u0105 za po\u015brednictwem serwisu internetowego www.tynki-advid \u00a0(dalej: Serwis). Serwis zbiera wy\u0142\u0105cznie dane osobowe niezb\u0119dne do \u015bwiadczenia i rozwoju us\u0142ug w nim oferowanych. Dane osobowe zbierane za po\u015brednictwem Serwisu s\u0105 przetwarzane zgodnie z\u00a0Rozporz\u0105dzeniem Parlamentu Europejskiego &hellip;<\/p>\n<p class=\"read-more\"> <a class=\"\" href=\"https:\/\/tynki-advid.pl\/?page_id=3\"> <span class=\"screen-reader-text\">Polityka prywatno\u015bci<\/span> Read More &raquo;<\/a><\/p>\n","protected":false},"author":1,"featured_media":0,"parent":0,"menu_order":0,"comment_status":"closed","ping_status":"open","template":"","meta":{"site-sidebar-layout":"default","site-content-layout":"default","ast-global-header-display":"","ast-main-header-display":"","ast-hfb-above-header-display":"","ast-hfb-below-header-display":"","ast-hfb-mobile-header-display":"","site-post-title":"","ast-breadcrumbs-content":"","ast-featured-img":"","footer-sml-layout":"","theme-transparent-header-meta":"","adv-header-id-meta":"","stick-header-meta":"","header-above-stick-meta":"","header-main-stick-meta":"","header-below-stick-meta":""},"_links":{"self":[{"href":"https:\/\/tynki-advid.pl\/index.php?rest_route=\/wp\/v2\/pages\/3"}],"collection":[{"href":"https:\/\/tynki-advid.pl\/index.php?rest_route=\/wp\/v2\/pages"}],"about":[{"href":"https:\/\/tynki-advid.pl\/index.php?rest_route=\/wp\/v2\/types\/page"}],"author":[{"embeddable":true,"href":"https:\/\/tynki-advid.pl\/index.php?rest_route=\/wp\/v2\/users\/1"}],"replies":[{"embeddable":true,"href":"https:\/\/tynki-advid.pl\/index.php?rest_route=%2Fwp%2Fv2%2Fcomments&post=3"}],"version-history":[{"count":3,"href":"https:\/\/tynki-advid.pl\/index.php?rest_route=\/wp\/v2\/pages\/3\/revisions"}],"predecessor-version":[{"id":1019,"href":"https:\/\/tynki-advid.pl\/index.php?rest_route=\/wp\/v2\/pages\/3\/revisions\/1019"}],"wp:attachment":[{"href":"https:\/\/tynki-advid.pl\/index.php?rest_route=%2Fwp%2Fv2%2Fmedia&parent=3"}],"curies":[{"name":"wp","href":"https:\/\/api.w.org\/{rel}","templated":true}]}}